{"id":406,"date":"2022-08-03T15:39:35","date_gmt":"2022-08-03T13:39:35","guid":{"rendered":"https:\/\/sagenhafte-lieder-muensterland.de\/wordpress\/?page_id=406"},"modified":"2022-08-03T16:19:38","modified_gmt":"2022-08-03T14:19:38","slug":"geduja","status":"publish","type":"page","link":"https:\/\/sagenhafte-lieder-muensterland.de\/wordpress\/geduja\/","title":{"rendered":"Geduja"},"content":{"rendered":"<h2><img loading=\"lazy\" class=\"alignright wp-image-408 size-medium\" src=\"https:\/\/sagenhafte-lieder-muensterland.de\/wordpress\/wp-content\/uploads\/2022\/08\/Bild-CD-Label-500-300x298.png\" alt=\"\" width=\"300\" height=\"298\" srcset=\"https:\/\/sagenhafte-lieder-muensterland.de\/wordpress\/wp-content\/uploads\/2022\/08\/Bild-CD-Label-500-300x298.png 300w, https:\/\/sagenhafte-lieder-muensterland.de\/wordpress\/wp-content\/uploads\/2022\/08\/Bild-CD-Label-500-150x150.png 150w, https:\/\/sagenhafte-lieder-muensterland.de\/wordpress\/wp-content\/uploads\/2022\/08\/Bild-CD-Label-500.png 500w\" sizes=\"(max-width: 300px) 100vw, 300px\" \/>Was ist<em> Geduja?<\/em><\/h2>\n<p><em>\u00a0<\/em><em>Geduja &#8211;\u00a0<\/em>(Gehopst durch das Jahr)<\/p>\n<p>Das bedeutet:<br \/>\nZw\u00f6lf Monate und Lieder, Bewegungs- und Singspiele f\u00fcr vier Jahreszeiten.<\/p>\n<p>Grunds\u00e4tzlich lieben Kinder \u2013 und nicht nur die! &#8211; Musik und Bewegung.<\/p>\n<p>Ziel ist, mit <em>Geduja <\/em>einen Beitrag zur F\u00f6rderung der Freude an Rhythmisch-Motorischer Aktivit\u00e4t durch zeitgem\u00e4\u00dfe Bewegungslieder zu leisten.<\/p>\n<p>Das Projekt beinhaltet CD, Texte, Noten &amp; Spielanleitungen\/-anregungen und ist in K\u00fcrze erh\u00e4ltlich.<\/p>\n<h2 style=\"margin-top: 38.75px; margin-bottom: 25.8281px; color: #6a6c6e;\"><img loading=\"lazy\" class=\"wp-image-411 size-medium alignright\" style=\"font-family: Roboto, 'Helvetica Neue', Helvetica, Arial, sans-serif; font-size: 16px;\" src=\"https:\/\/sagenhafte-lieder-muensterland.de\/wordpress\/wp-content\/uploads\/2022\/08\/Bild-Cover-1000-220x300.jpg\" alt=\"\" width=\"220\" height=\"300\" srcset=\"https:\/\/sagenhafte-lieder-muensterland.de\/wordpress\/wp-content\/uploads\/2022\/08\/Bild-Cover-1000-220x300.jpg 220w, https:\/\/sagenhafte-lieder-muensterland.de\/wordpress\/wp-content\/uploads\/2022\/08\/Bild-Cover-1000-752x1024.jpg 752w, https:\/\/sagenhafte-lieder-muensterland.de\/wordpress\/wp-content\/uploads\/2022\/08\/Bild-Cover-1000-768x1046.jpg 768w, https:\/\/sagenhafte-lieder-muensterland.de\/wordpress\/wp-content\/uploads\/2022\/08\/Bild-Cover-1000.jpg 1000w\" sizes=\"(max-width: 220px) 100vw, 220px\" \/><\/h2>\n<p>Die Lieder sind von Gudrun Gunia komponiert, getextet und arrangiert.<\/p>\n<p>Zw\u00f6lf eing\u00e4ngige und abwechslungsreiche Lieder laden zu Spa\u00df und Bewegung ein.<\/p>\n<p>Der praktische Einsatz der themenzentrierten <em>Geduja<\/em> Bewegungslieder, die den 12 Monaten des Jahres zugeordnet sind, empfiehlt sich auch bei der Musikalischen Fr\u00fcherziehung, in der OGS und in Kinderg\u00e4rten\/KITAs\/o.\u00e4. Betreuungsformen.<\/p>\n<h2>Geduja-Live<\/h2>\n<p>Der Musikalische-Mitmach-Spa\u00df wird von Gudrun Gunia auch live und passend zur Jahreszeit angeboten!<\/p>\n<p>Buchungen und Kontakt \u00fcber <a href=\"mailto:gudrungunia@web.de\">gudrungunia@web.de<\/a><\/p>\n<p><img loading=\"lazy\" class=\"aligncenter size-full wp-image-412\" src=\"https:\/\/sagenhafte-lieder-muensterland.de\/wordpress\/wp-content\/uploads\/2022\/08\/Bild-Kids-rocken-Pop-Art-1000.jpg\" alt=\"\" width=\"1000\" height=\"483\" srcset=\"https:\/\/sagenhafte-lieder-muensterland.de\/wordpress\/wp-content\/uploads\/2022\/08\/Bild-Kids-rocken-Pop-Art-1000.jpg 1000w, https:\/\/sagenhafte-lieder-muensterland.de\/wordpress\/wp-content\/uploads\/2022\/08\/Bild-Kids-rocken-Pop-Art-1000-300x145.jpg 300w, https:\/\/sagenhafte-lieder-muensterland.de\/wordpress\/wp-content\/uploads\/2022\/08\/Bild-Kids-rocken-Pop-Art-1000-768x371.jpg 768w\" sizes=\"(max-width: 1000px) 100vw, 1000px\" \/><\/p>\n<h2>Geduja-Medley von allen 12 Monaten\/Titeln<\/h2>\n<ul>\n<li>Januar-Schlittenfahrt<\/li>\n<li>Februar-K\u00e4lte<\/li>\n<li>M\u00e4rz-Pferd<\/li>\n<li>April-Hasen<\/li>\n<li>Mai-Haus,<\/li>\n<li>Juni-Spass<\/li>\n<li>Juli-Pool<\/li>\n<li>August-Rassel<\/li>\n<li>September-\u00c4pfel<\/li>\n<li>Oktober-Tanz<\/li>\n<li>November-Tag<\/li>\n<li>Dezember-Klingeling<\/li>\n<\/ul>\n<p>Texte und Melodien sind Eigentum der Textdichterin und Komponistin.\u00a0Sie sind urheberrechtlich gesch\u00fctzt. Unerlaubtes Vervielf\u00e4ltigen ist verboten.<br \/>\nKatalog Nr.:<strong>11019084<\/strong> LC <strong>06849<\/strong><\/p>\n<p>Dieses Projekt wurde unterst\u00fctzt durch<\/p>\n<p><img loading=\"lazy\" class=\"alignleft wp-image-341 size-medium\" src=\"https:\/\/sagenhafte-lieder-muensterland.de\/wordpress\/wp-content\/uploads\/2022\/03\/coronaBundLogo-300x120.jpg\" alt=\"\" width=\"300\" height=\"120\" srcset=\"https:\/\/sagenhafte-lieder-muensterland.de\/wordpress\/wp-content\/uploads\/2022\/03\/coronaBundLogo-300x120.jpg 300w, https:\/\/sagenhafte-lieder-muensterland.de\/wordpress\/wp-content\/uploads\/2022\/03\/coronaBundLogo.jpg 431w\" sizes=\"(max-width: 300px) 100vw, 300px\" \/> <img loading=\"lazy\" class=\"alignnone wp-image-340 size-full\" src=\"https:\/\/sagenhafte-lieder-muensterland.de\/wordpress\/wp-content\/uploads\/2022\/03\/coronaSHLogo.jpg\" alt=\"\" width=\"151\" height=\"275\" \/><\/p>\n","protected":false},"excerpt":{"rendered":"<div class=\"entry-summary\">\nWas ist Geduja? \u00a0Geduja &#8211;\u00a0(Gehopst durch das Jahr) Das bedeutet: Zw\u00f6lf Monate&hellip;\n<\/div>\n<div class=\"link-more\"><a href=\"https:\/\/sagenhafte-lieder-muensterland.de\/wordpress\/geduja\/\" class=\"more-link\">Continue reading<span class=\"screen-reader-text\"> &ldquo;Geduja&rdquo;<\/span>&hellip;<\/a><\/div>\n","protected":false},"author":1,"featured_media":0,"parent":0,"menu_order":0,"comment_status":"closed","ping_status":"closed","template":"","meta":[],"_links":{"self":[{"href":"https:\/\/sagenhafte-lieder-muensterland.de\/wordpress\/wp-json\/wp\/v2\/pages\/406"}],"collection":[{"href":"https:\/\/sagenhafte-lieder-muensterland.de\/wordpress\/wp-json\/wp\/v2\/pages"}],"about":[{"href":"https:\/\/sagenhafte-lieder-muensterland.de\/wordpress\/wp-json\/wp\/v2\/types\/page"}],"author":[{"embeddable":true,"href":"https:\/\/sagenhafte-lieder-muensterland.de\/wordpress\/wp-json\/wp\/v2\/users\/1"}],"replies":[{"embeddable":true,"href":"https:\/\/sagenhafte-lieder-muensterland.de\/wordpress\/wp-json\/wp\/v2\/comments?post=406"}],"version-history":[{"count":9,"href":"https:\/\/sagenhafte-lieder-muensterland.de\/wordpress\/wp-json\/wp\/v2\/pages\/406\/revisions"}],"predecessor-version":[{"id":423,"href":"https:\/\/sagenhafte-lieder-muensterland.de\/wordpress\/wp-json\/wp\/v2\/pages\/406\/revisions\/423"}],"wp:attachment":[{"href":"https:\/\/sagenhafte-lieder-muensterland.de\/wordpress\/wp-json\/wp\/v2\/media?parent=406"}],"curies":[{"name":"wp","href":"https:\/\/api.w.org\/{rel}","templated":true}]}}