{"id":378,"date":"2022-06-16T09:05:03","date_gmt":"2022-06-16T07:05:03","guid":{"rendered":"https:\/\/sagenhafte-lieder-muensterland.de\/wordpress\/?page_id=378"},"modified":"2022-06-18T17:17:57","modified_gmt":"2022-06-18T15:17:57","slug":"band-2-sagenhaftes-liederbuch-aus-dem-muensterland","status":"publish","type":"page","link":"https:\/\/sagenhafte-lieder-muensterland.de\/wordpress\/band-2-sagenhaftes-liederbuch-aus-dem-muensterland\/","title":{"rendered":"Band 2 &#8211; Sagenhaftes Liederbuch aus dem M\u00fcnsterland"},"content":{"rendered":"<p>Das Erlebnis geht weiter! \u00a0Nachdem ich nach so vielen Jahren B\u00e4nkelgesangs, Auff\u00fchrungen und Tonaufnahmen begonnen hatte, 60 meiner Sagenlieder \u00fcber das alte M\u00fcnsterland \u201eanno 2022\u201c in Notenfassungen zu bringen, folgen nun die n\u00e4chsten.<\/p>\n<p>Die urspr\u00fcnglich musikalische Autodidaktin hat eben Gefallen daran gefunden, \u00a0ihr m\u00fcnsterl\u00e4ndisches Werk dauerhaft zu archivieren und dem Publikum die M\u00f6glichkeit zu bieten, mitzusingen.<\/p>\n<p>Die positive Resonanz auf Band 1 des \u201eSagenhaften Liederbuchs aus dem M\u00fcnsterland\u201c hat mich in meiner Idee best\u00e4rkt, weitere meiner Sagenlieder, die bislang nur h\u00f6rbar waren, nun \u201esicht- und nachsingbar\u201c &#8211; und somit auch von anderen interpretierbar &#8211; werden zu lassen.<\/p>\n<p>Auch zu dieser Sammlung sei zu bemerken, wie h\u00e4ufig man selbst &#8211; verst\u00e4ndlich verschiedene Strophen \u00fcber eine Ursprungsmelodie singt und diese sich mitunter in Silbenzahl, Auftakten und Phrasierungen unterscheiden. Hier hoffe ich, dass der\/die ambitionierte S\u00e4nger*In im Zweifelsfall in meine CD-Aufnahme des entsprechenden Liedes hineinh\u00f6rt, um einen besseren Eindruck zu bekommen: ich habe zu Gunsten der \u00dcberschaubarkeit bewusst darauf verzichtet, jede einzelne Strophe \u2013 sofern diese nicht grundlegend von der 1.Strophe abweicht \u2013 in Notenform zu bringen.<\/p>\n<p>Aus \u00e4hnlichen \u00dcberlegungen wurden auch die Tonarten m\u00f6glichst unkompliziert \u2013 und f\u00fcr Gitarre \u201eOffene-Akkorde-Bevorzugend\u201c \u2013 gew\u00e4hlt. Das von mir gerne gespielte B-Dur wurde so zur notierten C-Dur Tonart. Auch verwende ich bei meinen eigenen Vortr\u00e4gen gerne den Kapodaster, habe dieses jedoch nicht explizit angemerkt. \u00a0Ich denke, jede(r) hat eine eigene \u201eWohlf\u00fchl-Tonart\u201c \u2013 mitunter sogar tagesformabh\u00e4ngig.<\/p>\n<p>Dass es von manchen Liedern verschiedene, oft nur leicht ver\u00e4nderte Textversionen gibt, hat seinen Grund:<br \/>\nViele m\u00fcnsterl\u00e4ndische Legenden spielen in \u00e4hnlichen Varianten an unterschiedlichen Orten.<br \/>\nHier sei als Beispiel das bei Publikums-Pr\u00e4sentationen einleitend gespielte M\u00fcnsterland-Lied zu nennen: Dieses ist gleichzeitig eine Inhaltsangabe und Kurzzusammenfassung des jeweiligen Konzert-Programms und verf\u00fcgt \u00fcber eine Vielzahl unterschiedlicher Text-Versionen. Ich habe exemplarisch 10 davon abgedruckt.<\/p>\n<p>Ich m\u00f6chte mich bei allen bedanken, die mir mit Unterst\u00fctzung, Sangesfreude und allgemeinem Interesse an meinem Projekt den R\u00fccken gest\u00e4rkt haben.<\/p>\n<p><img loading=\"lazy\" class=\"aligncenter size-full wp-image-389\" src=\"https:\/\/sagenhafte-lieder-muensterland.de\/wordpress\/wp-content\/uploads\/2022\/06\/Liederbuch-Band-2.jpg\" alt=\"\" width=\"1000\" height=\"1454\" srcset=\"https:\/\/sagenhafte-lieder-muensterland.de\/wordpress\/wp-content\/uploads\/2022\/06\/Liederbuch-Band-2.jpg 1000w, https:\/\/sagenhafte-lieder-muensterland.de\/wordpress\/wp-content\/uploads\/2022\/06\/Liederbuch-Band-2-206x300.jpg 206w, https:\/\/sagenhafte-lieder-muensterland.de\/wordpress\/wp-content\/uploads\/2022\/06\/Liederbuch-Band-2-704x1024.jpg 704w, https:\/\/sagenhafte-lieder-muensterland.de\/wordpress\/wp-content\/uploads\/2022\/06\/Liederbuch-Band-2-768x1117.jpg 768w\" sizes=\"(max-width: 1000px) 100vw, 1000px\" \/><\/p>\n<p>Mein besonderer Dank gilt<br \/>\nGeorg Babetzky, Gerd Bracht, Karl Gunia, Dagmar Kemper, Klaus Offenberg, Heinz-Josef Reckers und Martje Thalmann<\/p>\n<p>Gudrun Gunia, Juni 2022<\/p>\n<p>Das Sagenhafte Liederbuch aus dem M\u00fcnsterland Band 2 ist auf Anfrage erh\u00e4ltlich.<\/p>\n","protected":false},"excerpt":{"rendered":"<div class=\"entry-summary\">\nDas Erlebnis geht weiter! \u00a0Nachdem ich nach so vielen Jahren B\u00e4nkelgesangs, Auff\u00fchrungen&hellip;\n<\/div>\n<div class=\"link-more\"><a href=\"https:\/\/sagenhafte-lieder-muensterland.de\/wordpress\/band-2-sagenhaftes-liederbuch-aus-dem-muensterland\/\" class=\"more-link\">Continue reading<span class=\"screen-reader-text\"> &ldquo;Band 2 &#8211; Sagenhaftes Liederbuch aus dem M\u00fcnsterland&rdquo;<\/span>&hellip;<\/a><\/div>\n","protected":false},"author":1,"featured_media":0,"parent":0,"menu_order":0,"comment_status":"closed","ping_status":"closed","template":"","meta":[],"_links":{"self":[{"href":"https:\/\/sagenhafte-lieder-muensterland.de\/wordpress\/wp-json\/wp\/v2\/pages\/378"}],"collection":[{"href":"https:\/\/sagenhafte-lieder-muensterland.de\/wordpress\/wp-json\/wp\/v2\/pages"}],"about":[{"href":"https:\/\/sagenhafte-lieder-muensterland.de\/wordpress\/wp-json\/wp\/v2\/types\/page"}],"author":[{"embeddable":true,"href":"https:\/\/sagenhafte-lieder-muensterland.de\/wordpress\/wp-json\/wp\/v2\/users\/1"}],"replies":[{"embeddable":true,"href":"https:\/\/sagenhafte-lieder-muensterland.de\/wordpress\/wp-json\/wp\/v2\/comments?post=378"}],"version-history":[{"count":4,"href":"https:\/\/sagenhafte-lieder-muensterland.de\/wordpress\/wp-json\/wp\/v2\/pages\/378\/revisions"}],"predecessor-version":[{"id":395,"href":"https:\/\/sagenhafte-lieder-muensterland.de\/wordpress\/wp-json\/wp\/v2\/pages\/378\/revisions\/395"}],"wp:attachment":[{"href":"https:\/\/sagenhafte-lieder-muensterland.de\/wordpress\/wp-json\/wp\/v2\/media?parent=378"}],"curies":[{"name":"wp","href":"https:\/\/api.w.org\/{rel}","templated":true}]}}