{"id":169,"date":"2020-11-12T19:46:40","date_gmt":"2020-11-12T18:46:40","guid":{"rendered":"https:\/\/sagenhafte-lieder-muensterland.de\/wordpress\/?page_id=169"},"modified":"2020-11-12T19:53:42","modified_gmt":"2020-11-12T18:53:42","slug":"muenster-sein-sagenhaftes-umland","status":"publish","type":"page","link":"https:\/\/sagenhafte-lieder-muensterland.de\/wordpress\/es-war-einmal-in\/muenster-sein-sagenhaftes-umland\/","title":{"rendered":"M\u00fcnster &#038; sein sagenhaftes Umland"},"content":{"rendered":"<p><img loading=\"lazy\" class=\"alignnone size-full wp-image-170\" src=\"https:\/\/sagenhafte-lieder-muensterland.de\/wordpress\/wp-content\/uploads\/2020\/11\/Ellipse-Muenster-100-pixel.png\" alt=\"\" width=\"100\" height=\"98\" \/> Es war einmal in M\u00fcnster&#8230;<\/p>\n<p>Die westf\u00e4lische Metropole ist von ihren bodenst\u00e4ndigen, deftigen, oft sturen, aber stets gradlinigen Bewohnern gepr\u00e4gt. Wie das Land, so die Leute.<\/p>\n<p>Viele Geschichten und bemerkenswerte St\u00e4tten gibt es in M\u00fcnster und seinen umliegenden Ortschaften. Einige davon werden wir auf dieser musikalischen Reise besuchen.<\/p>\n<p>Spannende Geschichten hatten <strong>B\u00e4nkels\u00e4nger <\/strong>schlie\u00dflich immer schon vorzutragen: Fl\u00f6r und K\u00f6sters, zwei Angeh\u00f6rige dieser Zunft, sch\u00f6pften ihre Energie aus Beifall und Sonnenstrahlen\u00a0 &#8211; bestimmt hatten sie einige legend\u00e4re Begebenheiten auf Lager, von denen auch ich singen werde.<\/p>\n<p>Denn wen gruselte es nicht, wenn er an die Auss\u00e4tzigen dachte, die im <strong>lepr\u00f6sen<\/strong> \u201eKinderen Hus\u201c vor den Toren der Stadt dahin vegetierten?<\/p>\n<p>Radelt man \u00fcber die Gasselstiege nach H\u00e4ger, so bekommt man den Beweis, dass M\u00fcnster doch \u00fcber einen H\u00f6henzug verf\u00fcgt: Am R\u00f6steberg soll sogar der sagenhafte Riese <strong>Grinkenschmidt <\/strong>gehaust haben.<\/p>\n<p>Ein netter \u2013 vielleicht etwas grobschl\u00e4chtiger &#8211; Bursche, den man aber nicht provozieren durfte.<\/p>\n<p>Von Nienberge nach Gievenbeck \u2013 fr\u00fcher hie\u00df es Gibonbeki &#8211;\u00a0 passiert man das schmucke R\u00fcschhaus. Wendet man sich gen Westen, gelangt man in die satten Auen von <strong>Rukeslare<\/strong> \u2013 dem sp\u00e4teren Roxel \u2013 einer Gegend, die einst von 4 B\u00e4chen gespeist, heutzutage gemeinsam mit Mecklenbeck an den Aasee grenzt.<\/p>\n<p>Derjenige, der im Mittelalter von L\u00fcdinghausen nach M\u00fcnster reiste, war das Haus Wehlinctorpe bestimmt ein guter Platz f\u00fcr eine Rast.<\/p>\n<p>Wem jedoch zuvor ein verfeindeter Ritter ein eisernes <strong>Halsband<\/strong> mit innen angebrachten Stacheln verpasste, hatte mit Sicherheit keine Mu\u00dfe f\u00fcr eine Pause und sah zu, dass er auf schnellem Wege von L\u00fcdinghausen zum kunstfertigen Schiedemeister Tile in M\u00fcnsters Innenstadt gelangte, um von diesem befreit zu werden.<\/p>\n<p>In M\u00fcnster ging es aber auch nicht immer nur zivilisiert zu:<\/p>\n<p>Die <strong>Wiedert\u00e4ufer <\/strong>hatten ihre ganz eigenen Moral-Vorstellungen und schrieben weltweit Geschichte: drei der prominentesten Vertreter stellte man nach reichlichen Folter-Prozeduren zur Abschreckung posthum in K\u00e4figen am Turm der Lambertikirche aus.<\/p>\n<p>Franz von Waldeck, der damalige F\u00fcrstbischof, hatte massiv durchgegriffen.<\/p>\n<p>Eine treue Anh\u00e4ngerin der Wiedert\u00e4ufer, <strong>Hille Feicken<\/strong>, war der festen \u00dcberzeugung, die Reinkarnation der biblischen Judith zu sein: Ihr Plan, von Waldecks Kopf durch eine List auf dem Silbertablett zu pr\u00e4sentieren, kostete sie jedoch ihren eigenen.<\/p>\n<p>Die stabile Stadtmauer wurde oft von B\u00fcrgern zur Verschanzung genutzt \u2013 und ebenso von Belagerern, die nur zu warten brauchten, bis denen \u201eda drinnen\u201c die Vorr\u00e4te knapp wurden.<\/p>\n<p style=\"text-align: left;\"><img loading=\"lazy\" class=\"size-full wp-image-171 alignleft\" src=\"https:\/\/sagenhafte-lieder-muensterland.de\/wordpress\/wp-content\/uploads\/2020\/11\/Huehnerphoto-100-pixel.jpg\" alt=\"\" width=\"100\" height=\"70\" \/>Ein <strong>Hahn<\/strong> sorgte da allerdings f\u00fcr Irritation&#8230;<\/p>\n<p>In M\u00fcnsters \u201eguter Stube\u201c war also immer etwas los \u2013 im Friedenssaal gab es Vertragsverhandlungen. Warum dort eine\u00a0 abgeschlagene <strong>verdorrte Hand<\/strong> aufbewahrt wird, gibt Anlass zu Spekulationen.<\/p>\n<p>Buddenturm und Zwinger wurden zur Mittelalterzeit gerne auch als Gef\u00e4ngnisse genutzt, vor denen der Bev\u00f6lkerung graute \u2013 sogar \u00fcber die gef\u00fcrchtete <strong>Eiserne Jungfrau<\/strong> verf\u00fcgte man.<\/p>\n<p>Hexenprozesse wurden gef\u00fchrt. Die letzte in M\u00fcnster als solche verurteilte Frau war <strong>Greta B\u00fcnichmann<\/strong>. An ihrem Schicksal wird aller Wahnsinn, vors\u00e4tzliche Verbreitung von Unwahrheit und jede Grausamkeit, zu denen Menschen f\u00e4hig sind, deutlich.<\/p>\n<p>Erfrischend sind\u00a0 dagegen die harmlosen Schwindeleien und die Geschichte der <strong>L\u00fcgenbr\u00fccke<\/strong> in Wolbeck: als das Dorf noch ein stolzer Kurort war, soll es an der Angelbr\u00fccke der Parkanlage umgegangen sein&#8230;<\/p>\n<p>Was es mit den <strong>Poltergeistern im Drostenhof<\/strong> auf sich hat, ist auch schon so eine Sache.<\/p>\n<p>Nicht nur von Waldecks Burg stand hier einmal \u2013 nein, es gab \u2013 analog zur Franz\u00f6sischen \u2013 tats\u00e4chlich auch die <strong>Wolbecker Revolution<\/strong>!<\/p>\n<p>Mit den originellen Aufst\u00e4ndischen wurde allerdings milde verfahren: bestimmt wurde neben einigen k\u00fcrzeren Gef\u00e4ngnisstrafen auch empfohlen, zur L\u00e4uterung eine Wallfahrt zu unternehmen \u2013 und da war Telgte gar nicht weit.<\/p>\n<p>Am besten aber machte man zuvor noch einen Abstecher zum Wirtshaus <strong>Nobis Krug<\/strong> &#8211; auch allen m\u00fcnsteraner Pilgern einschl\u00e4gig bekannt.<\/p>\n<ol>\n<li>Reise durchs sagenhafte M\u00fcnster<\/li>\n<li>B\u00e4nkels\u00e4nger<\/li>\n<li>Leprahaus<\/li>\n<li>Grinkenschmidt<\/li>\n<li>Rukeslare<\/li>\n<li>Lambert&#8217;s Halsband<\/li>\n<li>Wiedert\u00e4ufer<\/li>\n<li>Hille Feicken&#8217;s Chor<\/li>\n<li>Der Hahn<\/li>\n<li>Verdorrte Hand<\/li>\n<li>Eiserne Jungfrau<\/li>\n<li>Greta B\u00fcnichmann<\/li>\n<li>L\u00fcgenbr\u00fccke<\/li>\n<li>Poltergeist vom Drostenhof<\/li>\n<li>Wolbecker Revolution<\/li>\n<\/ol>\n","protected":false},"excerpt":{"rendered":"<div class=\"entry-summary\">\nEs war einmal in M\u00fcnster&#8230; Die westf\u00e4lische Metropole ist von ihren bodenst\u00e4ndigen,&hellip;\n<\/div>\n<div class=\"link-more\"><a href=\"https:\/\/sagenhafte-lieder-muensterland.de\/wordpress\/es-war-einmal-in\/muenster-sein-sagenhaftes-umland\/\" class=\"more-link\">Continue reading<span class=\"screen-reader-text\"> &ldquo;M\u00fcnster &#038; sein sagenhaftes Umland&rdquo;<\/span>&hellip;<\/a><\/div>\n","protected":false},"author":1,"featured_media":0,"parent":47,"menu_order":0,"comment_status":"closed","ping_status":"closed","template":"","meta":[],"_links":{"self":[{"href":"https:\/\/sagenhafte-lieder-muensterland.de\/wordpress\/wp-json\/wp\/v2\/pages\/169"}],"collection":[{"href":"https:\/\/sagenhafte-lieder-muensterland.de\/wordpress\/wp-json\/wp\/v2\/pages"}],"about":[{"href":"https:\/\/sagenhafte-lieder-muensterland.de\/wordpress\/wp-json\/wp\/v2\/types\/page"}],"author":[{"embeddable":true,"href":"https:\/\/sagenhafte-lieder-muensterland.de\/wordpress\/wp-json\/wp\/v2\/users\/1"}],"replies":[{"embeddable":true,"href":"https:\/\/sagenhafte-lieder-muensterland.de\/wordpress\/wp-json\/wp\/v2\/comments?post=169"}],"version-history":[{"count":2,"href":"https:\/\/sagenhafte-lieder-muensterland.de\/wordpress\/wp-json\/wp\/v2\/pages\/169\/revisions"}],"predecessor-version":[{"id":173,"href":"https:\/\/sagenhafte-lieder-muensterland.de\/wordpress\/wp-json\/wp\/v2\/pages\/169\/revisions\/173"}],"up":[{"embeddable":true,"href":"https:\/\/sagenhafte-lieder-muensterland.de\/wordpress\/wp-json\/wp\/v2\/pages\/47"}],"wp:attachment":[{"href":"https:\/\/sagenhafte-lieder-muensterland.de\/wordpress\/wp-json\/wp\/v2\/media?parent=169"}],"curies":[{"name":"wp","href":"https:\/\/api.w.org\/{rel}","templated":true}]}}